{"id":673,"date":"2019-06-16T11:14:44","date_gmt":"2019-06-16T11:14:44","guid":{"rendered":"https:\/\/www.kulttuurikolari.fi\/?page_id=673"},"modified":"2019-06-24T06:44:34","modified_gmt":"2019-06-24T06:44:34","slug":"katariina-korhosen-kirjan-peiliin-katsomisen-paikka-julkistamistilaisuus","status":"publish","type":"page","link":"https:\/\/www.kulttuurikolari.fi\/?page_id=673","title":{"rendered":"Katariina Korhonen &#8211; Peiliin katsomisen paikka  -kirjan julkistamistilaisuus"},"content":{"rendered":"\n<div class=\"wp-block-cover has-background-dim\" style=\"background-image:url(https:\/\/www.kulttuurikolari.fi\/wp-content\/uploads\/2019\/06\/Katariina-Korhonen-1024x683.jpg);background-position:49.5% 34.32835820895522%\"><div class=\"wp-block-cover__inner-container is-layout-flow wp-block-cover-is-layout-flow\">\n<p style=\"text-align:center\" class=\"has-text-color has-large-font-size has-very-light-gray-color\"> <strong>Katariina Korhonen &#8211; Peiliin katsomisen paikka <\/strong><br><a href=\"https:\/\/www.kulttuurikolari.fi\/?page_id=673\"><strong>-kirjan julkistamistilaisuus<\/strong><\/a> <\/p>\n<\/div><\/div>\n\n\n\n<h3 class=\"wp-block-heading\">Lauantaina 29.6.<\/h3>\n\n\n\n<div class=\"wp-block-image\"><figure class=\"alignright is-resized\"><img loading=\"lazy\" decoding=\"async\" src=\"https:\/\/www.kulttuurikolari.fi\/wp-content\/uploads\/2019\/06\/Korhonen_Peiliin_ETUKANSI-1-724x1024.jpg\" alt=\"\" class=\"wp-image-851\" width=\"362\" height=\"512\" srcset=\"https:\/\/www.kulttuurikolari.fi\/wp-content\/uploads\/2019\/06\/Korhonen_Peiliin_ETUKANSI-1-724x1024.jpg 724w, https:\/\/www.kulttuurikolari.fi\/wp-content\/uploads\/2019\/06\/Korhonen_Peiliin_ETUKANSI-1-212x300.jpg 212w, https:\/\/www.kulttuurikolari.fi\/wp-content\/uploads\/2019\/06\/Korhonen_Peiliin_ETUKANSI-1-768x1086.jpg 768w, https:\/\/www.kulttuurikolari.fi\/wp-content\/uploads\/2019\/06\/Korhonen_Peiliin_ETUKANSI-1.jpg 2034w\" sizes=\"auto, (max-width: 362px) 100vw, 362px\" \/><\/figure><\/div>\n\n\n\n<h4 class=\"wp-block-heading\">Kello: 11.00<br>Paikka: Kauppakuja 2, 95900 Kolari <\/h4>\n\n\n\n<p><strong>Katariina Korhosen<\/strong> kirjan Peiliin katsomisen paikka julkistamistilaisuus ottaa paikkansa KulttuuriKolarissa lauantaina. Kirja on Tornionlaakson paikallishistoriasta vaimoitten n\u00e4k\u00f6kulmasta.<\/p>\n\n\n\n<p>Haastattelijana V\u00e4yl\u00e4kirjojen kirjankustantaja<strong> Tuomo<\/strong> <strong>Korteniemi<\/strong>.<\/p>\n\n\n\n<p>Kolarilaisen opettajan ja tutkijan Katariina Vienontytt\u00e4ren kirjan punaisena lankana on Tornionlaakson vaimoitten eli naisten n\u00e4k\u00f6kulma halki vuosisatojen. Kirja antaa \u00e4\u00e4nen ja sanoituksen sek\u00e4 maan ja sukujen hiljaisille ett\u00e4 niille vaimoille, joilla on ajasta aikaan riitt\u00e4nyt voimaa ja tahtoa omaan vallank\u00e4ytt\u00f6\u00f6n.<\/p>\n\n\n\n<p>Perinteisen asiakirjoihin perustuvan paikallishistorian- ja sukututkimuksen rinnalla kirjoittaja hy\u00f6dynt\u00e4\u00e4 monipuolisesti modernin DNA-tutkimuksen antia. N\u00e4in h\u00e4n on pystynyt vahvistamaan erityisesti Pohjois-Norjaan muuttaneiden tornionlaaksolaisten j\u00e4lkel\u00e4isten geneettiset yhteydet l\u00e4ht\u00f6sukuihin.<\/p>\n\n\n\n<div class=\"wp-block-image\"><figure class=\"aligncenter\"><img loading=\"lazy\" decoding=\"async\" width=\"1024\" height=\"683\" src=\"https:\/\/www.kulttuurikolari.fi\/wp-content\/uploads\/2019\/06\/Katariina-Korhonen-1-1024x683.jpg\" alt=\"\" class=\"wp-image-675\" srcset=\"https:\/\/www.kulttuurikolari.fi\/wp-content\/uploads\/2019\/06\/Katariina-Korhonen-1-1024x683.jpg 1024w, https:\/\/www.kulttuurikolari.fi\/wp-content\/uploads\/2019\/06\/Katariina-Korhonen-1-300x200.jpg 300w, https:\/\/www.kulttuurikolari.fi\/wp-content\/uploads\/2019\/06\/Katariina-Korhonen-1-768x512.jpg 768w\" sizes=\"auto, (max-width: 1024px) 100vw, 1024px\" \/><figcaption>Katariina Korhonen<\/figcaption><\/figure><\/div>\n","protected":false},"excerpt":{"rendered":"<p>Lauantaina 29.6. Kello: 11.00Paikka: Kauppakuja 2, 95900 Kolari Katariina Korhosen kirjan Peiliin katsomisen paikka julkistamistilaisuus ottaa paikkansa KulttuuriKolarissa lauantaina. Kirja on Tornionlaakson paikallishistoriasta vaimoitten n\u00e4k\u00f6kulmasta. Haastattelijana V\u00e4yl\u00e4kirjojen kirjankustantaja Tuomo Korteniemi. Kolarilaisen opettajan ja tutkijan Katariina Vienontytt\u00e4ren kirjan punaisena lankana on Tornionlaakson vaimoitten eli naisten n\u00e4k\u00f6kulma halki vuosisatojen. Kirja antaa \u00e4\u00e4nen ja sanoituksen sek\u00e4 maan ja sukujen hiljaisille ett\u00e4 niille vaimoille, joilla on ajasta aikaan riitt\u00e4nyt voimaa ja tahtoa omaan vallank\u00e4ytt\u00f6\u00f6n. Perinteisen asiakirjoihin perustuvan paikallishistorian- ja sukututkimuksen rinnalla kirjoittaja hy\u00f6dynt\u00e4\u00e4 monipuolisesti modernin DNA-tutkimuksen antia. N\u00e4in h\u00e4n on pystynyt vahvistamaan erityisesti Pohjois-Norjaan muuttaneiden tornionlaaksolaisten j\u00e4lkel\u00e4isten geneettiset yhteydet l\u00e4ht\u00f6sukuihin.<\/p>\n","protected":false},"author":2,"featured_media":0,"parent":0,"menu_order":0,"comment_status":"closed","ping_status":"closed","template":"","meta":{"footnotes":""},"class_list":["post-673","page","type-page","status-publish"],"_links":{"self":[{"href":"https:\/\/www.kulttuurikolari.fi\/index.php?rest_route=\/wp\/v2\/pages\/673","targetHints":{"allow":["GET"]}}],"collection":[{"href":"https:\/\/www.kulttuurikolari.fi\/index.php?rest_route=\/wp\/v2\/pages"}],"about":[{"href":"https:\/\/www.kulttuurikolari.fi\/index.php?rest_route=\/wp\/v2\/types\/page"}],"author":[{"embeddable":true,"href":"https:\/\/www.kulttuurikolari.fi\/index.php?rest_route=\/wp\/v2\/users\/2"}],"replies":[{"embeddable":true,"href":"https:\/\/www.kulttuurikolari.fi\/index.php?rest_route=%2Fwp%2Fv2%2Fcomments&post=673"}],"version-history":[{"count":7,"href":"https:\/\/www.kulttuurikolari.fi\/index.php?rest_route=\/wp\/v2\/pages\/673\/revisions"}],"predecessor-version":[{"id":853,"href":"https:\/\/www.kulttuurikolari.fi\/index.php?rest_route=\/wp\/v2\/pages\/673\/revisions\/853"}],"wp:attachment":[{"href":"https:\/\/www.kulttuurikolari.fi\/index.php?rest_route=%2Fwp%2Fv2%2Fmedia&parent=673"}],"curies":[{"name":"wp","href":"https:\/\/api.w.org\/{rel}","templated":true}]}}